{"id":4830,"date":"2024-02-12T22:07:21","date_gmt":"2024-02-13T01:07:21","guid":{"rendered":"https:\/\/cufago.com.br\/site\/?page_id=4830"},"modified":"2024-08-06T17:14:39","modified_gmt":"2024-08-06T20:14:39","slug":"taca-das-favelas-2024-inscricao","status":"publish","type":"page","link":"https:\/\/cufago.com.br\/site\/?page_id=4830","title":{"rendered":"Ta\u00e7a das Favelas 2024 \u2013 Inscri\u00e7\u00e3o"},"content":{"rendered":"<p><div class=\"fusion-fullwidth fullwidth-box fusion-builder-row-1 fusion-flex-container nonhundred-percent-fullwidth non-hundred-percent-height-scrolling\" style=\"background-color: rgba(255,255,255,0);background-position: center center;background-repeat: no-repeat;border-width: 0px 0px 0px 0px;border-color:#e7e4e2;border-style:solid;\" ><div class=\"fusion-builder-row fusion-row fusion-flex-align-items-flex-start\" style=\"max-width:1331.2px;margin-left: calc(-4% \/ 2 );margin-right: calc(-4% \/ 2 );\"><div class=\"fusion-layout-column fusion_builder_column fusion-builder-column-0 fusion_builder_column_1_1 1_1 fusion-flex-column\"><div class=\"fusion-column-wrapper fusion-flex-justify-content-flex-start fusion-content-layout-column\" style=\"background-position:left top;background-repeat:no-repeat;-webkit-background-size:cover;-moz-background-size:cover;-o-background-size:cover;background-size:cover;padding: 0px 0px 0px 0px;\"><style type=\"text\/css\">@media only screen and (max-width:1024px) {.fusion-title.fusion-title-1{margin-top:30px!important;margin-bottom:20px!important;}}@media only screen and (max-width:640px) {.fusion-title.fusion-title-1{margin-top:10px!important;margin-bottom:20px!important;}}<\/style><div class=\"fusion-title title fusion-title-1 fusion-sep-none fusion-title-center fusion-title-text fusion-title-size-three\" style=\"font-size:35px;margin-top:30px;margin-bottom:20px;\"><h3 class=\"title-heading-center\" style=\"margin:0;font-size:1em;\"><p style=\"text-align: center;\"><span style=\"color: #bda562;\">TA\u00c7A DAS FAVELAS 2024<\/span><\/p><\/h3><\/div><\/div><\/div><style type=\"text\/css\">.fusion-body .fusion-builder-column-0{width:100% !important;margin-top : 10px;margin-bottom : 10px;}.fusion-builder-column-0 > .fusion-column-wrapper {padding-top : 0px !important;padding-right : 0px !important;margin-right : 1.92%;padding-bottom : 0px !important;padding-left : 0px !important;margin-left : 1.92%;}@media only screen and (max-width:1024px) {.fusion-body .fusion-builder-column-0{width:100% !important;order : 0;}.fusion-builder-column-0 > .fusion-column-wrapper {margin-right : 1.92%;margin-left : 1.92%;}}@media only screen and (max-width:640px) {.fusion-body .fusion-builder-column-0{width:100% !important;order : 0;}.fusion-builder-column-0 > .fusion-column-wrapper {margin-right : 1.92%;margin-left : 1.92%;}}<\/style><div class=\"fusion-layout-column fusion_builder_column fusion-builder-column-1 fusion_builder_column_1_5 1_5 fusion-flex-column\"><div class=\"fusion-column-wrapper fusion-flex-justify-content-flex-start fusion-content-layout-column\" style=\"background-position:left top;background-repeat:no-repeat;-webkit-background-size:cover;-moz-background-size:cover;-o-background-size:cover;background-size:cover;padding: 0px 0px 0px 0px;\"><\/div><\/div><style type=\"text\/css\">.fusion-body .fusion-builder-column-1{width:20% !important;margin-top : 10px;margin-bottom : 10px;}.fusion-builder-column-1 > .fusion-column-wrapper {padding-top : 0px !important;padding-right : 0px !important;margin-right : 9.6%;padding-bottom : 0px !important;padding-left : 0px !important;margin-left : 9.6%;}@media only screen and (max-width:1024px) {.fusion-body .fusion-builder-column-1{width:100% !important;order : 0;}.fusion-builder-column-1 > .fusion-column-wrapper {margin-right : 1.92%;margin-left : 1.92%;}}@media only screen and (max-width:640px) {.fusion-body .fusion-builder-column-1{width:100% !important;order : 0;}.fusion-builder-column-1 > .fusion-column-wrapper {margin-right : 1.92%;margin-left : 1.92%;}}<\/style><div class=\"fusion-layout-column fusion_builder_column fusion-builder-column-2 fusion_builder_column_3_5 3_5 fusion-flex-column\"><div class=\"fusion-column-wrapper fusion-flex-justify-content-flex-start fusion-content-layout-column\" style=\"background-position:left top;background-repeat:no-repeat;-webkit-background-size:cover;-moz-background-size:cover;-o-background-size:cover;background-size:cover;padding: 0px 0px 0px 0px;\"><div style=\"text-align:center;\"><span class=\" fusion-imageframe imageframe-none imageframe-1 hover-type-none\" style=\"width:100%;max-width:70%;margin-top:10px;margin-bottom:10px;\"><a class=\"fusion-no-lightbox\" href=\"https:\/\/www.hubingressos.com.br\/evento\/tacafavelas2024\" target=\"_blank\" aria-label=\"banner-ingresso-finais-taca-das-favelas-2024-v1\" rel=\"noopener noreferrer\"><img width=\"432\" height=\"452\" src=\"https:\/\/cufago.com.br\/site\/wp-content\/uploads\/2024\/08\/banner-ingresso-finais-taca-das-favelas-2024-v1.png\" class=\"img-responsive wp-image-5260\" srcset=\"https:\/\/cufago.com.br\/site\/wp-content\/uploads\/2024\/08\/banner-ingresso-finais-taca-das-favelas-2024-v1-200x209.png 200w, https:\/\/cufago.com.br\/site\/wp-content\/uploads\/2024\/08\/banner-ingresso-finais-taca-das-favelas-2024-v1-400x419.png 400w, https:\/\/cufago.com.br\/site\/wp-content\/uploads\/2024\/08\/banner-ingresso-finais-taca-das-favelas-2024-v1.png 432w\" sizes=\"(max-width: 1024px) 100vw, (max-width: 640px) 100vw, 432px\" \/><\/a><\/span><\/div><\/div><\/div><style type=\"text\/css\">.fusion-body .fusion-builder-column-2{width:60% !important;margin-top : 10px;margin-bottom : 10px;}.fusion-builder-column-2 > .fusion-column-wrapper {padding-top : 0px !important;padding-right : 0px !important;margin-right : 3.2%;padding-bottom : 0px !important;padding-left : 0px !important;margin-left : 3.2%;}@media only screen and (max-width:1024px) {.fusion-body .fusion-builder-column-2{width:100% !important;order : 0;}.fusion-builder-column-2 > .fusion-column-wrapper {margin-right : 1.92%;margin-left : 1.92%;}}@media only screen and (max-width:640px) {.fusion-body .fusion-builder-column-2{width:100% !important;order : 0;}.fusion-builder-column-2 > .fusion-column-wrapper {margin-right : 1.92%;margin-left : 1.92%;}}<\/style><div class=\"fusion-layout-column fusion_builder_column fusion-builder-column-3 fusion_builder_column_1_5 1_5 fusion-flex-column\"><div class=\"fusion-column-wrapper fusion-flex-justify-content-flex-start fusion-content-layout-column\" style=\"background-position:left top;background-repeat:no-repeat;-webkit-background-size:cover;-moz-background-size:cover;-o-background-size:cover;background-size:cover;padding: 0px 0px 0px 0px;\"><\/div><\/div><style type=\"text\/css\">.fusion-body .fusion-builder-column-3{width:20% !important;margin-top : 10px;margin-bottom : 10px;}.fusion-builder-column-3 > .fusion-column-wrapper {padding-top : 0px !important;padding-right : 0px !important;margin-right : 9.6%;padding-bottom : 0px !important;padding-left : 0px !important;margin-left : 9.6%;}@media only screen and (max-width:1024px) {.fusion-body .fusion-builder-column-3{width:100% !important;order : 0;}.fusion-builder-column-3 > .fusion-column-wrapper {margin-right : 1.92%;margin-left : 1.92%;}}@media only screen and (max-width:640px) {.fusion-body .fusion-builder-column-3{width:100% !important;order : 0;}.fusion-builder-column-3 > .fusion-column-wrapper {margin-right : 1.92%;margin-left : 1.92%;}}<\/style><\/div><style type=\"text\/css\">.fusion-body .fusion-flex-container.fusion-builder-row-1{ padding-top : 0px;margin-top : 0px;padding-right : 0px;padding-bottom : 0px;margin-bottom : 0px;padding-left : 0px;}<\/style><\/div><div class=\"fusion-fullwidth fullwidth-box fusion-builder-row-2 fusion-flex-container nonhundred-percent-fullwidth non-hundred-percent-height-scrolling\" style=\"background-color: #ffffff;background-position: left top;background-repeat: no-repeat;border-width: 0px 0px 0px 0px;border-color:#e7e4e2;border-style:solid;\" ><div class=\"fusion-builder-row fusion-row fusion-flex-align-items-flex-start\" style=\"max-width:1331.2px;margin-left: calc(-4% \/ 2 );margin-right: calc(-4% \/ 2 );\"><div class=\"fusion-layout-column fusion_builder_column fusion-builder-column-4 fusion_builder_column_3_5 3_5 fusion-flex-column\"><div class=\"fusion-column-wrapper fusion-flex-justify-content-center fusion-content-layout-column\" style=\"background-position:left top;background-repeat:no-repeat;-webkit-background-size:cover;-moz-background-size:cover;-o-background-size:cover;background-size:cover;padding: 0px 0px 0px 0px;\"><div class=\"fusion-text fusion-text-1\"><p style=\"text-align: justify;\">As inscri\u00e7\u00f5es das sele\u00e7\u00f5es de comunidades para a Ta\u00e7a das Favelas 2024 v\u00e3o come\u00e7ar em breve. Este que \u00e9 o maior campeonato de futebol do mundo entre jovens de periferias e favelas de todo Brasil.<\/p>\n<p>Com o objetivo de proporcionar as mesmas experi\u00eancias do futebol profissional, com transmiss\u00e3o ao vivo, entrevistas oficiais, jogos realizados em est\u00e1dios e em CTs de clubes profissionais e ainda de gerar protagonismo, inclus\u00e3o, integra\u00e7\u00e3o social e oportunidades para meninos e meninas moradores de territ\u00f3rios de periferias, a Edi\u00e7\u00e3o 2024 da Ta\u00e7a das Favelas promete a partir de fevereiro, movimentar as comunidades de Goi\u00e1s dos mais diversos territ\u00f3rios do estado.<\/p>\n<\/div><style type=\"text\/css\">@media only screen and (max-width:1024px) {.fusion-title.fusion-title-2{margin-top:30px!important;margin-bottom:20px!important;}}@media only screen and (max-width:640px) {.fusion-title.fusion-title-2{margin-top:10px!important;margin-bottom:20px!important;}}<\/style><div class=\"fusion-title title fusion-title-2 fusion-sep-none fusion-title-text fusion-title-size-three\" style=\"margin-top:30px;margin-bottom:20px;\"><h3 class=\"title-heading-left\" style=\"margin:0;\"><strong>Talentos<\/strong><\/h3><\/div><div class=\"fusion-text fusion-text-2\"><p style=\"text-align: justify;\">Em todas as vezes em que \u00e9 realizada, a Ta\u00e7a das Favelas consegue destacar jogadores provenientes das \u00e1reas perif\u00e9ricas, que anteriormente n\u00e3o tinham a chance de serem reconhecidos. Como resultado, clubes profissionais de todo o Brasil acabam convidando esses jogadores para testes depois de se destacarem no torneio, e muitos deles acabam assinando contrato com os clubes.<\/p>\n<p style=\"text-align: justify;\">O cen\u00e1rio n\u00e3o \u00e9 diferente entre as mulheres que participaram da Ta\u00e7a das Favelas e tamb\u00e9m est\u00e3o tendo oportunidades em times do pa\u00eds todo. A competi\u00e7\u00e3o \u00e9 a que consegue reunir o maior n\u00famero de times femininos no estado de Goi\u00e1s.<\/p>\n<\/div><style type=\"text\/css\">@media only screen and (max-width:1024px) {.fusion-title.fusion-title-3{margin-top:30px!important;margin-bottom:20px!important;}}@media only screen and (max-width:640px) {.fusion-title.fusion-title-3{margin-top:10px!important;margin-bottom:20px!important;}}<\/style><div class=\"fusion-title title fusion-title-3 fusion-sep-none fusion-title-text fusion-title-size-three\" style=\"margin-top:30px;margin-bottom:20px;\"><h3 class=\"title-heading-left\" style=\"margin:0;\"><strong>Apoiadores<\/strong><\/h3><\/div><div class=\"fusion-text fusion-text-3\"><p style=\"text-align: justify;\">Atletas que deixaram sua marca na hist\u00f3ria do futebol como membros da sele\u00e7\u00e3o pentacampe\u00e3 mundial est\u00e3o engajados com a Ta\u00e7a das Favelas. O ex-capit\u00e3o que ergueu o trof\u00e9u da Copa do Mundo, Cafu, foi um dos representantes oficiais do torneio.<\/p>\n<p style=\"text-align: justify;\">Outros tantos jogadores s\u00e3o apoiadores e j\u00e1 participaram de eventos da Ta\u00e7a das Favelas, como: Rom\u00e1rio, L\u00facio, Dunga, entre outros tantos.<\/p>\n<\/div><style type=\"text\/css\">@media only screen and (max-width:1024px) {.fusion-title.fusion-title-4{margin-top:30px!important;margin-bottom:20px!important;}}@media only screen and (max-width:640px) {.fusion-title.fusion-title-4{margin-top:10px!important;margin-bottom:20px!important;}}<\/style><div class=\"fusion-title title fusion-title-4 fusion-sep-none fusion-title-text fusion-title-size-three\" style=\"margin-top:30px;margin-bottom:20px;\"><h3 class=\"title-heading-left\" style=\"margin:0;\"><strong>Requisitos para inscri\u00e7\u00e3o<\/strong><\/h3><\/div><div class=\"fusion-text fusion-text-4\"><p style=\"text-align: justify;\">Os atletas da categoria masculina dever\u00e3o ter de 14 a 18 anos, nascidos entre 2006 e 2010. J\u00e1 na categoria feminina, as atletas devem ter no m\u00ednimo 14 anos, sem idade m\u00e1xima. A data para inscri\u00e7\u00f5es de atletas para as peneiras ainda ser\u00e1 anunciada. As equipes poder\u00e3o ser de qualquer cidade do estado. A grande final j\u00e1 tem data marcada e ser\u00e1 no dia 21 de setembro.<\/p>\n<\/div><div style=\"text-align:left;\"><span class=\" fusion-imageframe imageframe-none imageframe-2 hover-type-none\"><a class=\"fusion-no-lightbox\" href=\"https:\/\/cufago.transforme.tech\/doeagora\/657\" target=\"_blank\" aria-label=\"doacao-forma-de-pagamento-v3\" rel=\"noopener noreferrer\"><img width=\"749\" height=\"141\" src=\"https:\/\/cufago.com.br\/site\/wp-content\/uploads\/2022\/05\/doacao-forma-de-pagamento-v3.png\" class=\"img-responsive wp-image-3187\" srcset=\"https:\/\/cufago.com.br\/site\/wp-content\/uploads\/2022\/05\/doacao-forma-de-pagamento-v3-200x38.png 200w, https:\/\/cufago.com.br\/site\/wp-content\/uploads\/2022\/05\/doacao-forma-de-pagamento-v3-400x75.png 400w, https:\/\/cufago.com.br\/site\/wp-content\/uploads\/2022\/05\/doacao-forma-de-pagamento-v3-600x113.png 600w, https:\/\/cufago.com.br\/site\/wp-content\/uploads\/2022\/05\/doacao-forma-de-pagamento-v3.png 749w\" sizes=\"(max-width: 1024px) 100vw, (max-width: 640px) 100vw, 749px\" \/><\/a><\/span><\/div><\/div><\/div><style type=\"text\/css\">.fusion-body .fusion-builder-column-4{width:60% !important;margin-top : 10px;margin-bottom : 10px;}.fusion-builder-column-4 > .fusion-column-wrapper {padding-top : 0px !important;padding-right : 0px !important;margin-right : 6.4%;padding-bottom : 0px !important;padding-left : 0px !important;margin-left : 3.2%;}@media only screen and (max-width:1024px) {.fusion-body .fusion-builder-column-4{width:100% !important;}.fusion-builder-column-4 > .fusion-column-wrapper {margin-right : 1.92%;margin-left : 1.92%;}}@media only screen and (max-width:640px) {.fusion-body .fusion-builder-column-4{width:100% !important;}.fusion-builder-column-4 > .fusion-column-wrapper {margin-right : 1.92%;margin-left : 1.92%;}}<\/style><div class=\"fusion-layout-column fusion_builder_column fusion-builder-column-5 fusion_builder_column_2_5 2_5 fusion-flex-column\"><div class=\"fusion-column-wrapper fusion-flex-justify-content-flex-start fusion-content-layout-column\" style=\"background-position:left top;background-repeat:no-repeat;-webkit-background-size:cover;-moz-background-size:cover;-o-background-size:cover;background-size:cover;padding: 0px 0px 0px 0px;\"><div ><span class=\" fusion-imageframe imageframe-none imageframe-3 hover-type-none\" style=\"width:100%;max-width:70%;margin-top:10px;margin-bottom:10px;\"><a class=\"fusion-no-lightbox\" href=\"https:\/\/cufago.com.br\/site\/wp-content\/uploads\/2020\/12\/jogos-taca-das-favelas-go-2024-v1.pdf\" target=\"_blank\" aria-label=\"btn-jogos-taca-das-favelas-go-2024-v1\" rel=\"noopener noreferrer\"><img width=\"769\" height=\"446\" src=\"https:\/\/cufago.com.br\/site\/wp-content\/uploads\/2020\/12\/btn-jogos-taca-das-favelas-go-2024-v1.png\" class=\"img-responsive wp-image-5200\" srcset=\"https:\/\/cufago.com.br\/site\/wp-content\/uploads\/2020\/12\/btn-jogos-taca-das-favelas-go-2024-v1-200x116.png 200w, https:\/\/cufago.com.br\/site\/wp-content\/uploads\/2020\/12\/btn-jogos-taca-das-favelas-go-2024-v1-400x232.png 400w, https:\/\/cufago.com.br\/site\/wp-content\/uploads\/2020\/12\/btn-jogos-taca-das-favelas-go-2024-v1-600x348.png 600w, https:\/\/cufago.com.br\/site\/wp-content\/uploads\/2020\/12\/btn-jogos-taca-das-favelas-go-2024-v1.png 769w\" sizes=\"(max-width: 1024px) 100vw, (max-width: 640px) 100vw, 600px\" \/><\/a><\/span><\/div><div ><span class=\" fusion-imageframe imageframe-none imageframe-4 hover-type-none\" style=\"width:100%;max-width:70%;margin-top:10px;margin-bottom:10px;\"><a class=\"fusion-no-lightbox\" href=\"https:\/\/cufago.com.br\/site\/wp-content\/uploads\/2020\/12\/regulamento-taca-das-favelas-goias-2024-v3.pdf\" target=\"_blank\" aria-label=\"imagem-regulamento\" rel=\"noopener noreferrer\"><img width=\"2039\" height=\"569\" src=\"https:\/\/cufago.com.br\/site\/wp-content\/uploads\/2022\/07\/imagem-regulamento.png\" class=\"img-responsive wp-image-3408\" srcset=\"https:\/\/cufago.com.br\/site\/wp-content\/uploads\/2022\/07\/imagem-regulamento-200x56.png 200w, https:\/\/cufago.com.br\/site\/wp-content\/uploads\/2022\/07\/imagem-regulamento-400x112.png 400w, https:\/\/cufago.com.br\/site\/wp-content\/uploads\/2022\/07\/imagem-regulamento-600x167.png 600w, https:\/\/cufago.com.br\/site\/wp-content\/uploads\/2022\/07\/imagem-regulamento-800x223.png 800w, https:\/\/cufago.com.br\/site\/wp-content\/uploads\/2022\/07\/imagem-regulamento-1200x335.png 1200w, https:\/\/cufago.com.br\/site\/wp-content\/uploads\/2022\/07\/imagem-regulamento.png 2039w\" sizes=\"(max-width: 1024px) 100vw, (max-width: 640px) 100vw, 600px\" \/><\/a><\/span><\/div><style type=\"text\/css\">@media only screen and (max-width:1024px) {.fusion-title.fusion-title-5{margin-top:30px!important;margin-bottom:20px!important;}}@media only screen and (max-width:640px) {.fusion-title.fusion-title-5{margin-top:10px!important;margin-bottom:20px!important;}}<\/style><div class=\"fusion-title title fusion-title-5 fusion-sep-none fusion-title-text fusion-title-size-three\" style=\"margin-top:30px;margin-bottom:20px;\"><h3 class=\"title-heading-left\" style=\"margin:0;\"><span style=\"color: #bda562;\">PROGRAMA\u00c7\u00c3O TA\u00c7A<\/span><\/h3><\/div><style type=\"text\/css\">@media only screen and (max-width:1024px) {.fusion-title.fusion-title-6{margin-top:30px!important;margin-bottom:20px!important;}}@media only screen and (max-width:640px) {.fusion-title.fusion-title-6{margin-top:10px!important;margin-bottom:20px!important;}}<\/style><div class=\"fusion-title title fusion-title-6 fusion-sep-none fusion-title-text fusion-title-size-three\" style=\"margin-top:30px;margin-bottom:20px;\"><h3 class=\"title-heading-left\" style=\"margin:0;\"><span style=\"color: #bda562;\">CALEND\u00c1RIO DA TA\u00c7A DAS FAVELAS GOI\u00c1S 2024 &#8211; SERIE A<\/span><\/h3><\/div><div class=\"fusion-text fusion-text-5\"><ul>\n<li><strong>26 \/ Abril<\/strong> &#8211; Reuni\u00e3o Avaliativa<\/li>\n<li><strong>11 e 12 \/ Maio<\/strong> &#8211; DIPEs &#8211; Dia das Peneiras obrigat\u00f3rias<\/li>\n<li><strong>14 \/ Maio<\/strong> &#8211; Entrada da documenta\u00e7\u00e3o<\/li>\n<li><strong>24 \/ Maio<\/strong> &#8211; Data final da entrega de documenta\u00e7\u00e3o<\/li>\n<li><strong>10 \/ Junho<\/strong> &#8211; Lan\u00e7amento e Sorteio das chaves da Ta\u00e7a das Favelas 2024<\/li>\n<\/ul>\n<p><strong>Rodadas de Jogos<\/strong><\/p>\n<ul>\n<li><strong>13 E 14 \/ Julho<\/strong> &#8211; Abertura da Ta\u00e7a das Favelas 2024<\/li>\n<li><strong>20 e 21 \/ Julho<\/strong> &#8211; Fase Classificat\u00f3ria<\/li>\n<li><strong>27 e 28 \/ Julho<\/strong> &#8211; 16 Avos<\/li>\n<li><strong>10 \/ Agosto<\/strong> &#8211; Oitavas de Finais<\/li>\n<li><strong>24 \/ Agosto<\/strong> &#8211; Quartas de Finais<\/li>\n<li><strong>07 \/ Setembro<\/strong> &#8211; Semi Final<\/li>\n<li><strong>21 \/ Setembro<\/strong> &#8211; A Grande Final<\/li>\n<li><strong>Hor\u00e1rios e locais<\/strong> &#8211; a definir<\/li>\n<\/ul>\n<\/div><style type=\"text\/css\">@media only screen and (max-width:1024px) {.fusion-title.fusion-title-7{margin-top:30px!important;margin-bottom:20px!important;}}@media only screen and (max-width:640px) {.fusion-title.fusion-title-7{margin-top:10px!important;margin-bottom:20px!important;}}<\/style><div class=\"fusion-title title fusion-title-7 fusion-sep-none fusion-title-text fusion-title-size-three\" style=\"margin-top:30px;margin-bottom:20px;\"><h3 class=\"title-heading-left\" style=\"margin:0;\"><span style=\"color: #bda562;\">Ta\u00e7a das Favelas Goi\u00e1s 2024 &#8211; Feminino<\/span><\/h3><\/div><div class=\"fusion-text fusion-text-6\"><p>Em 2024, o g\u00eanero feminino iniciar\u00e1 a disputa diretamente na S\u00e9rie A.<\/p>\n<\/div><\/div><\/div><style type=\"text\/css\">.fusion-body .fusion-builder-column-5{width:40% !important;margin-top : 10px;margin-bottom : 40px;}.fusion-builder-column-5 > .fusion-column-wrapper {padding-top : 0 !important;padding-right : 0px !important;margin-right : 4.8%;padding-bottom : 0px !important;padding-left : 0px !important;margin-left : 4.8%;}@media only screen and (max-width:1024px) {.fusion-body .fusion-builder-column-5{width:100% !important;order : 0;}.fusion-builder-column-5 > .fusion-column-wrapper {margin-right : 1.92%;margin-left : 1.92%;}}@media only screen and (max-width:640px) {.fusion-body .fusion-builder-column-5{width:100% !important;order : 0;}.fusion-builder-column-5 > .fusion-column-wrapper {margin-right : 1.92%;margin-left : 1.92%;}}<\/style><\/div><style type=\"text\/css\">.fusion-body .fusion-flex-container.fusion-builder-row-2{ padding-top : 90px;margin-top : 0px;padding-right : 0px;padding-bottom : 3.5%;margin-bottom : 0px;padding-left : 0px;}<\/style><\/div><div class=\"fusion-fullwidth fullwidth-box fusion-builder-row-3 fusion-flex-container nonhundred-percent-fullwidth non-hundred-percent-height-scrolling\" style=\"background-color: rgba(255,255,255,0);background-position: center center;background-repeat: no-repeat;border-width: 0px 0px 0px 0px;border-color:#e7e4e2;border-style:solid;\" ><div class=\"fusion-builder-row fusion-row fusion-flex-align-items-flex-start\" style=\"max-width:1331.2px;margin-left: calc(-4% \/ 2 );margin-right: calc(-4% \/ 2 );\"><div class=\"fusion-layout-column fusion_builder_column fusion-builder-column-6 fusion_builder_column_1_1 1_1 fusion-flex-column\"><div class=\"fusion-column-wrapper fusion-flex-justify-content-flex-start fusion-content-layout-column\" style=\"background-position:left top;background-repeat:no-repeat;-webkit-background-size:cover;-moz-background-size:cover;-o-background-size:cover;background-size:cover;padding: 0px 0px 0px 0px;\"><style type=\"text\/css\">@media only screen and (max-width:1024px) {.fusion-title.fusion-title-8{margin-top:30px!important;margin-bottom:20px!important;}}@media only screen and (max-width:640px) {.fusion-title.fusion-title-8{margin-top:10px!important;margin-bottom:20px!important;}}<\/style><div class=\"fusion-title title fusion-title-8 fusion-sep-none fusion-title-text fusion-title-size-three\" style=\"margin-top:30px;margin-bottom:20px;\"><h3 class=\"title-heading-left\" style=\"margin:0;\"><span style=\"color: #bda562;\">RETROSPECTIVA TA\u00c7A DAS FAVELAS 2023<\/span><\/h3><\/div><\/div><\/div><style type=\"text\/css\">.fusion-body .fusion-builder-column-6{width:100% !important;margin-top : 10px;margin-bottom : 10px;}.fusion-builder-column-6 > .fusion-column-wrapper {padding-top : 0px !important;padding-right : 0px !important;margin-right : 1.92%;padding-bottom : 0px !important;padding-left : 0px !important;margin-left : 1.92%;}@media only screen and (max-width:1024px) {.fusion-body .fusion-builder-column-6{width:100% !important;order : 0;}.fusion-builder-column-6 > .fusion-column-wrapper {margin-right : 1.92%;margin-left : 1.92%;}}@media only screen and (max-width:640px) {.fusion-body .fusion-builder-column-6{width:100% !important;order : 0;}.fusion-builder-column-6 > .fusion-column-wrapper {margin-right : 1.92%;margin-left : 1.92%;}}<\/style><div class=\"fusion-layout-column fusion_builder_column fusion-builder-column-7 fusion_builder_column_3_5 3_5 fusion-flex-column\"><div class=\"fusion-column-wrapper fusion-flex-justify-content-flex-start fusion-content-layout-column\" style=\"background-position:left top;background-repeat:no-repeat;-webkit-background-size:cover;-moz-background-size:cover;-o-background-size:cover;background-size:cover;padding: 0px 0px 0px 0px;\"><div class=\"fusion-image-carousel fusion-image-carousel-auto lightbox-enabled\"><div class=\"fusion-carousel\" data-autoplay=\"yes\" data-columns=\"1\" data-itemmargin=\"0\" data-itemwidth=\"180\" data-touchscroll=\"yes\" data-imagesize=\"auto\"><div class=\"fusion-carousel-positioner\"><ul class=\"fusion-carousel-holder\"><li class=\"fusion-carousel-item\"><div class=\"fusion-carousel-item-wrapper\"><div class=\"fusion-image-wrapper hover-type-zoomin\"><img width=\"1600\" height=\"1066\" src=\"https:\/\/cufago.com.br\/site\/wp-content\/uploads\/2024\/02\/fotos-retrospectiva-2023-1.jpg\" class=\"attachment-full size-full\" alt=\"\" srcset=\"https:\/\/cufago.com.br\/site\/wp-content\/uploads\/2024\/02\/fotos-retrospectiva-2023-1-200x133.jpg 200w, https:\/\/cufago.com.br\/site\/wp-content\/uploads\/2024\/02\/fotos-retrospectiva-2023-1-300x200.jpg 300w, https:\/\/cufago.com.br\/site\/wp-content\/uploads\/2024\/02\/fotos-retrospectiva-2023-1-400x267.jpg 400w, https:\/\/cufago.com.br\/site\/wp-content\/uploads\/2024\/02\/fotos-retrospectiva-2023-1-600x400.jpg 600w, https:\/\/cufago.com.br\/site\/wp-content\/uploads\/2024\/02\/fotos-retrospectiva-2023-1-768x512.jpg 768w, https:\/\/cufago.com.br\/site\/wp-content\/uploads\/2024\/02\/fotos-retrospectiva-2023-1-800x533.jpg 800w, https:\/\/cufago.com.br\/site\/wp-content\/uploads\/2024\/02\/fotos-retrospectiva-2023-1-1024x682.jpg 1024w, https:\/\/cufago.com.br\/site\/wp-content\/uploads\/2024\/02\/fotos-retrospectiva-2023-1-1200x800.jpg 1200w, https:\/\/cufago.com.br\/site\/wp-content\/uploads\/2024\/02\/fotos-retrospectiva-2023-1-1536x1023.jpg 1536w, https:\/\/cufago.com.br\/site\/wp-content\/uploads\/2024\/02\/fotos-retrospectiva-2023-1.jpg 1600w\" sizes=\"(max-width: 1600px) 100vw, 1600px\" \/><\/div><\/div><\/li><li class=\"fusion-carousel-item\"><div class=\"fusion-carousel-item-wrapper\"><div class=\"fusion-image-wrapper hover-type-zoomin\"><img width=\"1600\" height=\"1066\" src=\"https:\/\/cufago.com.br\/site\/wp-content\/uploads\/2024\/02\/fotos-retrospectiva-2023-2.jpg\" class=\"attachment-full size-full\" alt=\"\" srcset=\"https:\/\/cufago.com.br\/site\/wp-content\/uploads\/2024\/02\/fotos-retrospectiva-2023-2-200x133.jpg 200w, https:\/\/cufago.com.br\/site\/wp-content\/uploads\/2024\/02\/fotos-retrospectiva-2023-2-300x200.jpg 300w, https:\/\/cufago.com.br\/site\/wp-content\/uploads\/2024\/02\/fotos-retrospectiva-2023-2-400x267.jpg 400w, https:\/\/cufago.com.br\/site\/wp-content\/uploads\/2024\/02\/fotos-retrospectiva-2023-2-600x400.jpg 600w, https:\/\/cufago.com.br\/site\/wp-content\/uploads\/2024\/02\/fotos-retrospectiva-2023-2-768x512.jpg 768w, https:\/\/cufago.com.br\/site\/wp-content\/uploads\/2024\/02\/fotos-retrospectiva-2023-2-800x533.jpg 800w, https:\/\/cufago.com.br\/site\/wp-content\/uploads\/2024\/02\/fotos-retrospectiva-2023-2-1024x682.jpg 1024w, https:\/\/cufago.com.br\/site\/wp-content\/uploads\/2024\/02\/fotos-retrospectiva-2023-2-1200x800.jpg 1200w, https:\/\/cufago.com.br\/site\/wp-content\/uploads\/2024\/02\/fotos-retrospectiva-2023-2-1536x1023.jpg 1536w, https:\/\/cufago.com.br\/site\/wp-content\/uploads\/2024\/02\/fotos-retrospectiva-2023-2.jpg 1600w\" sizes=\"(max-width: 1600px) 100vw, 1600px\" \/><\/div><\/div><\/li><li class=\"fusion-carousel-item\"><div class=\"fusion-carousel-item-wrapper\"><div class=\"fusion-image-wrapper hover-type-zoomin\"><img width=\"768\" height=\"511\" src=\"https:\/\/cufago.com.br\/site\/wp-content\/uploads\/2023\/10\/fotos-definidos-oitavas-taca-das-favelas-2023-3.png\" class=\"attachment-full size-full\" alt=\"\" srcset=\"https:\/\/cufago.com.br\/site\/wp-content\/uploads\/2023\/10\/fotos-definidos-oitavas-taca-das-favelas-2023-3-200x133.png 200w, https:\/\/cufago.com.br\/site\/wp-content\/uploads\/2023\/10\/fotos-definidos-oitavas-taca-das-favelas-2023-3-300x200.png 300w, https:\/\/cufago.com.br\/site\/wp-content\/uploads\/2023\/10\/fotos-definidos-oitavas-taca-das-favelas-2023-3-400x266.png 400w, https:\/\/cufago.com.br\/site\/wp-content\/uploads\/2023\/10\/fotos-definidos-oitavas-taca-das-favelas-2023-3-600x399.png 600w, https:\/\/cufago.com.br\/site\/wp-content\/uploads\/2023\/10\/fotos-definidos-oitavas-taca-das-favelas-2023-3.png 768w\" sizes=\"(max-width: 768px) 100vw, 768px\" \/><\/div><\/div><\/li><li class=\"fusion-carousel-item\"><div class=\"fusion-carousel-item-wrapper\"><div class=\"fusion-image-wrapper hover-type-zoomin\"><img width=\"768\" height=\"511\" src=\"https:\/\/cufago.com.br\/site\/wp-content\/uploads\/2023\/10\/fotos-definidos-oitavas-taca-das-favelas-2023-6.png\" class=\"attachment-full size-full\" alt=\"\" srcset=\"https:\/\/cufago.com.br\/site\/wp-content\/uploads\/2023\/10\/fotos-definidos-oitavas-taca-das-favelas-2023-6-200x133.png 200w, https:\/\/cufago.com.br\/site\/wp-content\/uploads\/2023\/10\/fotos-definidos-oitavas-taca-das-favelas-2023-6-300x200.png 300w, https:\/\/cufago.com.br\/site\/wp-content\/uploads\/2023\/10\/fotos-definidos-oitavas-taca-das-favelas-2023-6-400x266.png 400w, https:\/\/cufago.com.br\/site\/wp-content\/uploads\/2023\/10\/fotos-definidos-oitavas-taca-das-favelas-2023-6-600x399.png 600w, https:\/\/cufago.com.br\/site\/wp-content\/uploads\/2023\/10\/fotos-definidos-oitavas-taca-das-favelas-2023-6.png 768w\" sizes=\"(max-width: 768px) 100vw, 768px\" \/><\/div><\/div><\/li><li class=\"fusion-carousel-item\"><div class=\"fusion-carousel-item-wrapper\"><div class=\"fusion-image-wrapper hover-type-zoomin\"><img width=\"768\" height=\"511\" src=\"https:\/\/cufago.com.br\/site\/wp-content\/uploads\/2023\/11\/fotos-definido-finalistas-taca-das-favelas-2023-10.png\" class=\"attachment-full size-full\" alt=\"\" srcset=\"https:\/\/cufago.com.br\/site\/wp-content\/uploads\/2023\/11\/fotos-definido-finalistas-taca-das-favelas-2023-10-200x133.png 200w, https:\/\/cufago.com.br\/site\/wp-content\/uploads\/2023\/11\/fotos-definido-finalistas-taca-das-favelas-2023-10-300x200.png 300w, https:\/\/cufago.com.br\/site\/wp-content\/uploads\/2023\/11\/fotos-definido-finalistas-taca-das-favelas-2023-10-400x266.png 400w, https:\/\/cufago.com.br\/site\/wp-content\/uploads\/2023\/11\/fotos-definido-finalistas-taca-das-favelas-2023-10-600x399.png 600w, https:\/\/cufago.com.br\/site\/wp-content\/uploads\/2023\/11\/fotos-definido-finalistas-taca-das-favelas-2023-10.png 768w\" sizes=\"(max-width: 768px) 100vw, 768px\" \/><\/div><\/div><\/li><li class=\"fusion-carousel-item\"><div class=\"fusion-carousel-item-wrapper\"><div class=\"fusion-image-wrapper hover-type-zoomin\"><img width=\"768\" height=\"511\" src=\"https:\/\/cufago.com.br\/site\/wp-content\/uploads\/2023\/11\/fotos-definido-finalistas-taca-das-favelas-2023-2.png\" class=\"attachment-full size-full\" alt=\"\" srcset=\"https:\/\/cufago.com.br\/site\/wp-content\/uploads\/2023\/11\/fotos-definido-finalistas-taca-das-favelas-2023-2-200x133.png 200w, https:\/\/cufago.com.br\/site\/wp-content\/uploads\/2023\/11\/fotos-definido-finalistas-taca-das-favelas-2023-2-300x200.png 300w, https:\/\/cufago.com.br\/site\/wp-content\/uploads\/2023\/11\/fotos-definido-finalistas-taca-das-favelas-2023-2-400x266.png 400w, https:\/\/cufago.com.br\/site\/wp-content\/uploads\/2023\/11\/fotos-definido-finalistas-taca-das-favelas-2023-2-600x399.png 600w, https:\/\/cufago.com.br\/site\/wp-content\/uploads\/2023\/11\/fotos-definido-finalistas-taca-das-favelas-2023-2.png 768w\" sizes=\"(max-width: 768px) 100vw, 768px\" \/><\/div><\/div><\/li><li class=\"fusion-carousel-item\"><div class=\"fusion-carousel-item-wrapper\"><div class=\"fusion-image-wrapper hover-type-zoomin\"><img width=\"768\" height=\"511\" src=\"https:\/\/cufago.com.br\/site\/wp-content\/uploads\/2023\/11\/fotos-definido-finalistas-taca-das-favelas-2023-9.png\" class=\"attachment-full size-full\" alt=\"\" srcset=\"https:\/\/cufago.com.br\/site\/wp-content\/uploads\/2023\/11\/fotos-definido-finalistas-taca-das-favelas-2023-9-200x133.png 200w, https:\/\/cufago.com.br\/site\/wp-content\/uploads\/2023\/11\/fotos-definido-finalistas-taca-das-favelas-2023-9-300x200.png 300w, https:\/\/cufago.com.br\/site\/wp-content\/uploads\/2023\/11\/fotos-definido-finalistas-taca-das-favelas-2023-9-400x266.png 400w, https:\/\/cufago.com.br\/site\/wp-content\/uploads\/2023\/11\/fotos-definido-finalistas-taca-das-favelas-2023-9-600x399.png 600w, https:\/\/cufago.com.br\/site\/wp-content\/uploads\/2023\/11\/fotos-definido-finalistas-taca-das-favelas-2023-9.png 768w\" sizes=\"(max-width: 768px) 100vw, 768px\" \/><\/div><\/div><\/li><li class=\"fusion-carousel-item\"><div class=\"fusion-carousel-item-wrapper\"><div class=\"fusion-image-wrapper hover-type-zoomin\"><img width=\"768\" height=\"511\" src=\"https:\/\/cufago.com.br\/site\/wp-content\/uploads\/2023\/11\/fotos-campeoes-taca-2023-11.png\" class=\"attachment-full size-full\" alt=\"\" srcset=\"https:\/\/cufago.com.br\/site\/wp-content\/uploads\/2023\/11\/fotos-campeoes-taca-2023-11-200x133.png 200w, https:\/\/cufago.com.br\/site\/wp-content\/uploads\/2023\/11\/fotos-campeoes-taca-2023-11-300x200.png 300w, https:\/\/cufago.com.br\/site\/wp-content\/uploads\/2023\/11\/fotos-campeoes-taca-2023-11-400x266.png 400w, https:\/\/cufago.com.br\/site\/wp-content\/uploads\/2023\/11\/fotos-campeoes-taca-2023-11-600x399.png 600w, https:\/\/cufago.com.br\/site\/wp-content\/uploads\/2023\/11\/fotos-campeoes-taca-2023-11.png 768w\" sizes=\"(max-width: 768px) 100vw, 768px\" \/><\/div><\/div><\/li><li class=\"fusion-carousel-item\"><div class=\"fusion-carousel-item-wrapper\"><div class=\"fusion-image-wrapper hover-type-zoomin\"><img width=\"768\" height=\"511\" src=\"https:\/\/cufago.com.br\/site\/wp-content\/uploads\/2023\/11\/fotos-campeoes-taca-2023-13.png\" class=\"attachment-full size-full\" alt=\"\" srcset=\"https:\/\/cufago.com.br\/site\/wp-content\/uploads\/2023\/11\/fotos-campeoes-taca-2023-13-200x133.png 200w, https:\/\/cufago.com.br\/site\/wp-content\/uploads\/2023\/11\/fotos-campeoes-taca-2023-13-300x200.png 300w, https:\/\/cufago.com.br\/site\/wp-content\/uploads\/2023\/11\/fotos-campeoes-taca-2023-13-400x266.png 400w, https:\/\/cufago.com.br\/site\/wp-content\/uploads\/2023\/11\/fotos-campeoes-taca-2023-13-600x399.png 600w, https:\/\/cufago.com.br\/site\/wp-content\/uploads\/2023\/11\/fotos-campeoes-taca-2023-13.png 768w\" sizes=\"(max-width: 768px) 100vw, 768px\" \/><\/div><\/div><\/li><li class=\"fusion-carousel-item\"><div class=\"fusion-carousel-item-wrapper\"><div class=\"fusion-image-wrapper hover-type-zoomin\"><img width=\"768\" height=\"511\" src=\"https:\/\/cufago.com.br\/site\/wp-content\/uploads\/2023\/11\/fotos-campeoes-taca-2023-17.png\" class=\"attachment-full size-full\" alt=\"\" srcset=\"https:\/\/cufago.com.br\/site\/wp-content\/uploads\/2023\/11\/fotos-campeoes-taca-2023-17-200x133.png 200w, https:\/\/cufago.com.br\/site\/wp-content\/uploads\/2023\/11\/fotos-campeoes-taca-2023-17-300x200.png 300w, https:\/\/cufago.com.br\/site\/wp-content\/uploads\/2023\/11\/fotos-campeoes-taca-2023-17-400x266.png 400w, https:\/\/cufago.com.br\/site\/wp-content\/uploads\/2023\/11\/fotos-campeoes-taca-2023-17-600x399.png 600w, https:\/\/cufago.com.br\/site\/wp-content\/uploads\/2023\/11\/fotos-campeoes-taca-2023-17.png 768w\" sizes=\"(max-width: 768px) 100vw, 768px\" \/><\/div><\/div><\/li><li class=\"fusion-carousel-item\"><div class=\"fusion-carousel-item-wrapper\"><div class=\"fusion-image-wrapper hover-type-zoomin\"><img width=\"768\" height=\"511\" src=\"https:\/\/cufago.com.br\/site\/wp-content\/uploads\/2020\/12\/fotos-time-feminino-classifica-taca-das-favelas-brasil-2023-1.png\" class=\"attachment-full size-full\" alt=\"\" srcset=\"https:\/\/cufago.com.br\/site\/wp-content\/uploads\/2020\/12\/fotos-time-feminino-classifica-taca-das-favelas-brasil-2023-1-200x133.png 200w, https:\/\/cufago.com.br\/site\/wp-content\/uploads\/2020\/12\/fotos-time-feminino-classifica-taca-das-favelas-brasil-2023-1-300x200.png 300w, https:\/\/cufago.com.br\/site\/wp-content\/uploads\/2020\/12\/fotos-time-feminino-classifica-taca-das-favelas-brasil-2023-1-400x266.png 400w, https:\/\/cufago.com.br\/site\/wp-content\/uploads\/2020\/12\/fotos-time-feminino-classifica-taca-das-favelas-brasil-2023-1-600x399.png 600w, https:\/\/cufago.com.br\/site\/wp-content\/uploads\/2020\/12\/fotos-time-feminino-classifica-taca-das-favelas-brasil-2023-1.png 768w\" sizes=\"(max-width: 768px) 100vw, 768px\" \/><\/div><\/div><\/li><li class=\"fusion-carousel-item\"><div class=\"fusion-carousel-item-wrapper\"><div class=\"fusion-image-wrapper hover-type-zoomin\"><img width=\"768\" height=\"511\" src=\"https:\/\/cufago.com.br\/site\/wp-content\/uploads\/2023\/12\/fotos-selecao-masculina-quartas-taca-das-favelas-brasil-2023-4.png\" class=\"attachment-full size-full\" alt=\"\" srcset=\"https:\/\/cufago.com.br\/site\/wp-content\/uploads\/2023\/12\/fotos-selecao-masculina-quartas-taca-das-favelas-brasil-2023-4-200x133.png 200w, https:\/\/cufago.com.br\/site\/wp-content\/uploads\/2023\/12\/fotos-selecao-masculina-quartas-taca-das-favelas-brasil-2023-4-300x200.png 300w, https:\/\/cufago.com.br\/site\/wp-content\/uploads\/2023\/12\/fotos-selecao-masculina-quartas-taca-das-favelas-brasil-2023-4-400x266.png 400w, https:\/\/cufago.com.br\/site\/wp-content\/uploads\/2023\/12\/fotos-selecao-masculina-quartas-taca-das-favelas-brasil-2023-4-600x399.png 600w, https:\/\/cufago.com.br\/site\/wp-content\/uploads\/2023\/12\/fotos-selecao-masculina-quartas-taca-das-favelas-brasil-2023-4.png 768w\" sizes=\"(max-width: 768px) 100vw, 768px\" \/><\/div><\/div><\/li><li class=\"fusion-carousel-item\"><div class=\"fusion-carousel-item-wrapper\"><div class=\"fusion-image-wrapper hover-type-zoomin\"><img width=\"768\" height=\"511\" src=\"https:\/\/cufago.com.br\/site\/wp-content\/uploads\/2023\/12\/fotos-selecao-masculina-eliminada-taca-das-favelas-brasil-2.png\" class=\"attachment-full size-full\" alt=\"\" srcset=\"https:\/\/cufago.com.br\/site\/wp-content\/uploads\/2023\/12\/fotos-selecao-masculina-eliminada-taca-das-favelas-brasil-2-200x133.png 200w, https:\/\/cufago.com.br\/site\/wp-content\/uploads\/2023\/12\/fotos-selecao-masculina-eliminada-taca-das-favelas-brasil-2-300x200.png 300w, https:\/\/cufago.com.br\/site\/wp-content\/uploads\/2023\/12\/fotos-selecao-masculina-eliminada-taca-das-favelas-brasil-2-400x266.png 400w, https:\/\/cufago.com.br\/site\/wp-content\/uploads\/2023\/12\/fotos-selecao-masculina-eliminada-taca-das-favelas-brasil-2-600x399.png 600w, https:\/\/cufago.com.br\/site\/wp-content\/uploads\/2023\/12\/fotos-selecao-masculina-eliminada-taca-das-favelas-brasil-2.png 768w\" sizes=\"(max-width: 768px) 100vw, 768px\" \/><\/div><\/div><\/li><\/ul><div class=\"fusion-carousel-nav\"><span class=\"fusion-nav-prev\"><\/span><span class=\"fusion-nav-next\"><\/span><\/div><\/div><\/div><\/div><\/div><\/div><style type=\"text\/css\">.fusion-body .fusion-builder-column-7{width:60% !important;margin-top : 10px;margin-bottom : 10px;}.fusion-builder-column-7 > .fusion-column-wrapper {padding-top : 0px !important;padding-right : 0px !important;margin-right : 3.2%;padding-bottom : 0px !important;padding-left : 0px !important;margin-left : 3.2%;}@media only screen and (max-width:1024px) {.fusion-body .fusion-builder-column-7{width:100% !important;order : 0;}.fusion-builder-column-7 > .fusion-column-wrapper {margin-right : 1.92%;margin-left : 1.92%;}}@media only screen and (max-width:640px) {.fusion-body .fusion-builder-column-7{width:100% !important;order : 0;}.fusion-builder-column-7 > .fusion-column-wrapper {margin-right : 1.92%;margin-left : 1.92%;}}<\/style><\/div><style type=\"text\/css\">.fusion-body .fusion-flex-container.fusion-builder-row-3{ padding-top : 0px;margin-top : 0px;padding-right : 0px;padding-bottom : 0px;margin-bottom : 0px;padding-left : 0px;}<\/style><\/div><div class=\"fusion-fullwidth fullwidth-box fusion-builder-row-4 fusion-flex-container nonhundred-percent-fullwidth non-hundred-percent-height-scrolling\" style=\"background-color: rgba(255,255,255,0);background-position: center center;background-repeat: no-repeat;border-width: 0px 0px 0px 0px;border-color:#e7e4e2;border-style:solid;\" ><div class=\"fusion-builder-row fusion-row fusion-flex-align-items-flex-start\" style=\"max-width:1331.2px;margin-left: calc(-4% \/ 2 );margin-right: calc(-4% \/ 2 );\"><div class=\"fusion-layout-column fusion_builder_column fusion-builder-column-8 fusion_builder_column_1_1 1_1 fusion-flex-column\"><div class=\"fusion-column-wrapper fusion-flex-justify-content-flex-start fusion-content-layout-column\" style=\"background-position:left top;background-repeat:no-repeat;-webkit-background-size:cover;-moz-background-size:cover;-o-background-size:cover;background-size:cover;padding: 0px 0px 0px 0px;\"><\/div><\/div><style type=\"text\/css\">.fusion-body .fusion-builder-column-8{width:100% !important;margin-top : 10px;margin-bottom : 10px;}.fusion-builder-column-8 > .fusion-column-wrapper {padding-top : 0px !important;padding-right : 0px !important;margin-right : 1.92%;padding-bottom : 0px !important;padding-left : 0px !important;margin-left : 1.92%;}@media only screen and (max-width:1024px) {.fusion-body .fusion-builder-column-8{width:100% !important;order : 0;}.fusion-builder-column-8 > .fusion-column-wrapper {margin-right : 1.92%;margin-left : 1.92%;}}@media only screen and (max-width:640px) {.fusion-body .fusion-builder-column-8{width:100% !important;order : 0;}.fusion-builder-column-8 > .fusion-column-wrapper {margin-right : 1.92%;margin-left : 1.92%;}}<\/style><\/div><style type=\"text\/css\">.fusion-body .fusion-flex-container.fusion-builder-row-4{ padding-top : 0px;margin-top : 0px;padding-right : 0px;padding-bottom : 0px;margin-bottom : 0px;padding-left : 0px;}<\/style><\/div><div class=\"fusion-fullwidth fullwidth-box fusion-builder-row-5 fusion-flex-container nonhundred-percent-fullwidth non-hundred-percent-height-scrolling\" style=\"background-color: #333c4e;background-position: left top;background-repeat: no-repeat;border-width: 0px 0px 0px 0px;border-color:#e7e4e2;border-style:solid;\" ><div class=\"fusion-builder-row fusion-row fusion-flex-align-items-flex-start\" style=\"max-width:calc( 1280px + 0px );margin-left: calc(-0px \/ 2 );margin-right: calc(-0px \/ 2 );\"><div class=\"fusion-layout-column fusion_builder_column fusion-builder-column-9 fusion_builder_column_1_1 1_1 fusion-flex-column fusion-flex-align-self-flex-start fusion-column-no-min-height\"><div class=\"fusion-column-wrapper fusion-flex-justify-content-flex-start fusion-content-layout-column\" style=\"background-position:left top;background-repeat:no-repeat;-webkit-background-size:cover;-moz-background-size:cover;-o-background-size:cover;background-size:cover;padding: 0px 0px 0px 0px;\"><style type=\"text\/css\">.fusion-title.fusion-title-9 svg path{stroke-width:9!important}@media only screen and (max-width:1024px) {.fusion-title.fusion-title-9{margin-top:10px!important;margin-bottom:40px!important;}}@media only screen and (max-width:640px) {.fusion-title.fusion-title-9{margin-top:10px!important;margin-bottom:20px!important;}}<\/style><div class=\"fusion-title title fusion-title-9 fusion-sep-none fusion-title-center fusion-title-highlight fusion-loop-off fusion-highlight-double fusion-title-size-two\" style=\"margin-top:10px;margin-bottom:40px;\" data-highlight=\"double\"><h2 class=\"title-heading-center\" style=\"margin:0;color:#ffffff;\"><span class=\"fusion-highlighted-text-prefix\">Organiza\u00e7\u00e3o reconhecida a mais<\/span> <span class=\"fusion-highlighted-text-wrapper\"><span class=\"fusion-highlighted-text\" style=\"color:#f09a3e;\">de 25 anos,<\/span><\/span> <span class=\"fusion-highlighted-text-postfix\"> nacional e internacionalmente.<\/span><\/h2><\/div><div class=\"fusion-separator fusion-full-width-sep\" style=\"align-self: center;margin-left: auto;margin-right: auto;margin-top:-25px;width:100%;\"><\/div><div class=\"fusion-text fusion-text-7\"><p style=\"text-align: center; font-size: 20px;\">Cufa Goi\u00e1s a plataforma de potencializar as favelas.<\/p>\n<p style=\"text-align: center; font-size: 20px;\">Favela n\u00e3o \u00e9 car\u00eancia, favela \u00e9 pot\u00eancia.<\/p>\n<\/div><div class=\"fusion-separator fusion-full-width-sep\" style=\"align-self: center;margin-left: auto;margin-right: auto;margin-top:15px;width:100%;\"><\/div><\/div><\/div><style type=\"text\/css\">.fusion-body .fusion-builder-column-9{width:100% !important;margin-top : 3%;margin-bottom : 3%;}.fusion-builder-column-9 > .fusion-column-wrapper {padding-top : 0px !important;padding-right : 0px !important;margin-right : 0px;padding-bottom : 0px !important;padding-left : 0px !important;margin-left : 0px;}@media only screen and (max-width:1024px) {.fusion-body .fusion-builder-column-9{width:100% !important;}.fusion-builder-column-9 > .fusion-column-wrapper {margin-right : 0px;margin-left : 0px;}}@media only screen and (max-width:640px) {.fusion-body .fusion-builder-column-9{width:100% !important;}.fusion-builder-column-9 > .fusion-column-wrapper {margin-right : 0px;margin-left : 0px;}}<\/style><\/div><style type=\"text\/css\">.fusion-body .fusion-flex-container.fusion-builder-row-5{ padding-top : 50px;margin-top : 0px;padding-right : 0px;padding-bottom : 45px;margin-bottom : 0px;padding-left : 0px;}@media only screen and (max-width:640px) {.fusion-body .fusion-flex-container.fusion-builder-row-5{ padding-right : 50px;padding-left : 50px;}}<\/style><\/div>\n<\/p>\n","protected":false},"excerpt":{"rendered":"","protected":false},"author":2,"featured_media":0,"parent":0,"menu_order":0,"comment_status":"closed","ping_status":"closed","template":"100-width.php","meta":[],"_links":{"self":[{"href":"https:\/\/cufago.com.br\/site\/index.php?rest_route=\/wp\/v2\/pages\/4830"}],"collection":[{"href":"https:\/\/cufago.com.br\/site\/index.php?rest_route=\/wp\/v2\/pages"}],"about":[{"href":"https:\/\/cufago.com.br\/site\/index.php?rest_route=\/wp\/v2\/types\/page"}],"author":[{"embeddable":true,"href":"https:\/\/cufago.com.br\/site\/index.php?rest_route=\/wp\/v2\/users\/2"}],"replies":[{"embeddable":true,"href":"https:\/\/cufago.com.br\/site\/index.php?rest_route=%2Fwp%2Fv2%2Fcomments&post=4830"}],"version-history":[{"count":48,"href":"https:\/\/cufago.com.br\/site\/index.php?rest_route=\/wp\/v2\/pages\/4830\/revisions"}],"predecessor-version":[{"id":5261,"href":"https:\/\/cufago.com.br\/site\/index.php?rest_route=\/wp\/v2\/pages\/4830\/revisions\/5261"}],"wp:attachment":[{"href":"https:\/\/cufago.com.br\/site\/index.php?rest_route=%2Fwp%2Fv2%2Fmedia&parent=4830"}],"curies":[{"name":"wp","href":"https:\/\/api.w.org\/{rel}","templated":true}]}}